{"id":722,"date":"2022-02-21T13:46:55","date_gmt":"2022-02-21T13:46:55","guid":{"rendered":"https:\/\/afrourramba.org\/\/?page_id=722"},"modified":"2022-02-22T12:23:35","modified_gmt":"2022-02-22T12:23:35","slug":"equipo","status":"publish","type":"page","link":"https:\/\/afrourramba.org\/index.php\/equipo\/","title":{"rendered":"Equipo"},"content":{"rendered":"\n<div id=\"rise-blocks-section-block-instance-0-71f588c-3fe-ac54-b5a8-f0382cbc0\" class=\"wp-block-rise-blocks-section\"><div class=\"rise-blocks-boxed rise-blocks-section-wrapper\"><div class=\"rise-blocks-section-overlay\"><\/div><div class=\"rise-blocks-section-inner\"><\/div><\/div><\/div>\n\n\n\n<div id=\"rise-blocks-section-block-instance-1-21200ae-1e5d-544f-d88-bff21e6ea7\" class=\"wp-block-rise-blocks-section\"><div class=\"rise-blocks-full-width rise-blocks-section-wrapper\"><div class=\"rise-blocks-section-inner\">\n<section id=\"rise-blocks-heading-block-instance-0-30f45a-306a-2d70-6efa-b8cc72e6b\"><div class=\"rise-blocks-heading-section wp-block-rise-blocks-heading center\"><span class=\"rise-blocks-sub-title\">NUESTRO EQUIPO DE TRABAJO<\/span><h1 class=\"rise-blocks-title\"><br>SOMOS UN EQUIPO QUE FORJA UN MUNDO MEJOR PARA TODOS<\/h1><span class=\"rise-blocks-line\"><\/span><div class=\"rise-blocks-sub-description\">Somos m\u00e1s de 10 personas trabajando todos los d\u00edas para que desde esta Asociaci\u00f3n se siga promoviendo, gestionando y ejecutando planes, programas, proyectos y actividades en el Departamento de La Guajira y fuera de \u00e9l, en busca del mejoramiento continuo de la calidad de vida de nuestras comunidades negras.<\/div><\/div><\/section>\n\n\n\n<div id=\"rise-blocks-wp-block-rise-blocks-profile-cards-0-db13fc-b635-3b56-b2d-ac7b4316858\"><div class=\"wp-block-rise-blocks-profile-cards rise-blocks-save rise-blocks-rectangle-layout rise-blocks-border-enable\"><div class=\"rise-blocks-block-lists\">\n<div id=\"rise-blocks-wp-block-rise-blocks-profile-card-15-43cfea-e8-8364-31e4-80063eb08ad8\"><div class=\"rise-blocks-profile-card\"><div class=\"rise-blocks-profile-card-image\"><\/div><div class=\"rise-blocks-description-wrapper\"><div class=\"rise-blocks-profile-card-designation\"><span class=\"rise-blocks-designation\">FUNDADORA<\/span><\/div><div class=\"rise-blocks-profile-card-title\"><h6>Ninfa Francisca Mej\u00eda Pe\u00f1aranda<\/h6><\/div><div class=\"rise-blocks-profile-card-description\"><p>NUESTRA SABEDORA, es quien nos transmite conocimientos, saberes y pr\u00e1cticas que se han conservado a lo largo del tiempo principalmente por medio de la tradici\u00f3n oral de nuestros pueblos afrodescendiente, y tambi\u00e9n por medio de pr\u00e1cticas y costumbres principios y valores que han sido transmitidas de padres a hijos en el marco de las din\u00e1micas de la convivencia comunitaria que caracterizan a nuestros pueblos negros.<br><br><br><\/p><\/div><div class=\"rise-blocks-social-media\"><a href=\"https:\/\/wa.me\/573126443874\" target=\"_blank\" rel=\"noopener noreferrer\"><i class=\"fa fa-whatsapp\"><\/i><\/a><\/div><\/div><\/div><\/div>\n\n\n\n<div id=\"rise-blocks-wp-block-rise-blocks-profile-card-16-f8384c-676-426-cdf-8d501eb86b\"><div class=\"rise-blocks-profile-card\"><div class=\"rise-blocks-profile-card-image\"><\/div><div class=\"rise-blocks-description-wrapper\"><div class=\"rise-blocks-profile-card-designation\"><span class=\"rise-blocks-designation\">dIRECTORA<\/span><\/div><div class=\"rise-blocks-profile-card-title\"><h6>marinella Santos Mej\u00eda<\/h6><\/div><div class=\"rise-blocks-profile-card-description\"><p>Soy una autoridad \u00e9tnica que vela por el derecho de la etnia de comunidades negras, adem\u00e1s, planifico y visibilizo las actividades que se desarrollan dentro de la asociaci\u00f3n y doy a conocer la legislatura que nos rige en el estado colombiano, entre otras tareas que se demandan.<br>Fijo una serie de objetivos que marcan el rumbo el trabajo de nuestra entidad.<br><br><br><br><\/p><\/div><div class=\"rise-blocks-social-media\"><a href=\"https:\/\/wa.me\/573123450357\" target=\"_blank\" rel=\"noopener noreferrer\"><i class=\"fa fa-whatsapp\"><\/i><\/a><a href=\"mailto:marinellasantos@https:\/\/afrourramba.org\/\" target=\"_blank\" rel=\"noopener noreferrer\"><i class=\"fa fa-google\"><\/i><\/a><\/div><\/div><\/div><\/div>\n\n\n\n<div id=\"rise-blocks-wp-block-rise-blocks-profile-card-17-6d84b85-6fdf-4eb-3a55-0c3d252e5d3f\"><div class=\"rise-blocks-profile-card\"><div class=\"rise-blocks-profile-card-image\"><\/div><div class=\"rise-blocks-description-wrapper\"><div class=\"rise-blocks-profile-card-designation\"><span class=\"rise-blocks-designation\">rEPRESENTANTE LEGAL<\/span><\/div><div class=\"rise-blocks-profile-card-title\"><h6>ninfa Julieth Camacho<\/h6><\/div><div class=\"rise-blocks-profile-card-description\"><p>Representante legal y contadora p\u00fablica de la Asociaci\u00f3n, experta en gerencia de proyectos.<br><br><br><br><br><br><\/p><\/div><div class=\"rise-blocks-social-media\"><a href=\"https:\/\/wa.me\/573045534149\" target=\"_blank\" rel=\"noopener noreferrer\"><i class=\"fa fa-whatsapp\"><\/i><\/a><\/div><\/div><\/div><\/div>\n\n\n\n<div id=\"rise-blocks-wp-block-rise-blocks-profile-card-18-fb62a7-7115-7f8f-bf6d-04aec80cec1b\"><div class=\"rise-blocks-profile-card\"><div class=\"rise-blocks-profile-card-image\"><\/div><div class=\"rise-blocks-description-wrapper\"><div class=\"rise-blocks-profile-card-designation\"><span class=\"rise-blocks-designation\">eTNOEDUCADORA<\/span><\/div><div class=\"rise-blocks-profile-card-title\"><h6>Maroly Vald\u00e9s Torres<\/h6><\/div><div class=\"rise-blocks-profile-card-description\"><p>Fortalecimiento de la identidad cultural Afro raizal y palenquera.<br><br><br><br><br><br><br><br><\/p><\/div><div class=\"rise-blocks-social-media\"><a href=\"https:\/\/wa.me\/573002573782\" target=\"_blank\" rel=\"noopener noreferrer\"><i class=\"fa fa-whatsapp\"><\/i><\/a><\/div><\/div><\/div><\/div>\n<\/div><\/div><\/div>\n\n\n\n<div id=\"rise-blocks-wp-block-rise-blocks-profile-cards-1-83af2f7-31ff-e37b-ffa6-5d2bd8702a4e\"><div class=\"wp-block-rise-blocks-profile-cards rise-blocks-save rise-blocks-rectangle-layout rise-blocks-shadow-enable rise-blocks-border-enable\"><div class=\"rise-blocks-block-lists\">\n<div id=\"rise-blocks-wp-block-rise-blocks-profile-card-19-ecf5f53-b134-e83-a454-5d425ab6d7af\"><div class=\"rise-blocks-profile-card\"><div class=\"rise-blocks-profile-card-image\"><\/div><div class=\"rise-blocks-description-wrapper\"><div class=\"rise-blocks-profile-card-designation\"><span class=\"rise-blocks-designation\">AGENTE EDUCATIVO<\/span><\/div><div class=\"rise-blocks-profile-card-title\"><h6>lidis Nayiris Scarpetta Florez<\/h6><\/div><div class=\"rise-blocks-profile-card-description\"><p>Trabajo educativo y apoyo a la ni\u00f1ez, de la mano con la cultura afrocolombiana. Amor propio por lo que su cultura representa y lo que ellos son.<br><br><br><br><br><br><br><\/p><\/div><div class=\"rise-blocks-social-media\"><a href=\"https:\/\/wa.me\/573233551873\" target=\"_blank\" rel=\"noopener noreferrer\"><i class=\"fa fa-whatsapp\"><\/i><\/a><\/div><\/div><\/div><\/div>\n\n\n\n<div id=\"rise-blocks-wp-block-rise-blocks-profile-card-3-8be37a8-401c-bdd1-6655-c621bcb2a53\"><div class=\"rise-blocks-profile-card\"><div class=\"rise-blocks-profile-card-image\"><\/div><div class=\"rise-blocks-description-wrapper\"><div class=\"rise-blocks-profile-card-designation\"><span class=\"rise-blocks-designation\">dINIMIZADORA<\/span><\/div><div class=\"rise-blocks-profile-card-title\"><h6>yosleidis Rojas<\/h6><\/div><div class=\"rise-blocks-profile-card-description\"><p>Impulso acciones desde una perspectiva de desarrollo de la comunidad m\u00e1s all\u00e1 del propio proyecto.<br><br><br><br><br><br><\/p><\/div><div class=\"rise-blocks-social-media\"><a href=\"https:\/\/wa.me\/573003966872\" target=\"_blank\" rel=\"noopener noreferrer\"><i class=\"fa fa-whatsapp\"><\/i><\/a><\/div><\/div><\/div><\/div>\n\n\n\n<div id=\"rise-blocks-wp-block-rise-blocks-profile-card-4-1f18f3-10d6-1a4-a4d-16b83af0e3d1\"><div class=\"rise-blocks-profile-card\"><div class=\"rise-blocks-profile-card-image\"><\/div><div class=\"rise-blocks-description-wrapper\"><div class=\"rise-blocks-profile-card-designation\"><span class=\"rise-blocks-designation\">DINIMIZADOR<\/span><\/div><div class=\"rise-blocks-profile-card-title\"><h6>Fernando Jos\u00e9 Vergara Fonseca<\/h6><\/div><div class=\"rise-blocks-profile-card-description\"><p>Estimulo la participaci\u00f3n de las personas de manera que se aliente el desarrollo de las actividades sociales y, tambi\u00e9n, la generaci\u00f3n de comunidad.<br><br><br><br><br><\/p><\/div><div class=\"rise-blocks-social-media\"><a href=\"https:\/\/wa.me\/573046304348\" target=\"_blank\" rel=\"noopener noreferrer\"><i class=\"fa fa-whatsapp\"><\/i><\/a><\/div><\/div><\/div><\/div>\n\n\n\n<div id=\"rise-blocks-wp-block-rise-blocks-profile-card-5-b23d60-0a50-e1cd-6eb4-a02d287b2258\"><div class=\"rise-blocks-profile-card\"><div class=\"rise-blocks-profile-card-image\"><\/div><div class=\"rise-blocks-description-wrapper\"><div class=\"rise-blocks-profile-card-designation\"><span class=\"rise-blocks-designation\">SECRETARIA GENERAL<\/span><\/div><div class=\"rise-blocks-profile-card-title\"><h6>juana esther castrillo Rosado<\/h6><\/div><div class=\"rise-blocks-profile-card-description\"><p>Apoyo a la gesti\u00f3n general de la Asociaci\u00f3n.<br><br><br><br><br><br><br><\/p><\/div><div class=\"rise-blocks-social-media\"><a href=\"https:\/\/wa.me\/573213284581\" target=\"_blank\" rel=\"noopener noreferrer\"><i class=\"fa fa-whatsapp\"><\/i><\/a><\/div><\/div><\/div><\/div>\n<\/div><\/div><\/div>\n\n\n\n<div id=\"rise-blocks-wp-block-rise-blocks-profile-cards-2-8201d44-3c2-623f-23b1-47bae026b45\"><div class=\"wp-block-rise-blocks-profile-cards rise-blocks-save rise-blocks-rectangle-layout rise-blocks-shadow-enable rise-blocks-border-enable\"><div class=\"rise-blocks-block-lists\">\n<div id=\"rise-blocks-wp-block-rise-blocks-profile-card-6-bc808db-2a81-b5dc-8806-8380a746ed6\"><div class=\"rise-blocks-profile-card\"><div class=\"rise-blocks-profile-card-image\"><\/div><div class=\"rise-blocks-description-wrapper\"><div class=\"rise-blocks-profile-card-designation\"><span class=\"rise-blocks-designation\">ASESOR<\/span><\/div><div class=\"rise-blocks-profile-card-title\"><h6>V\u00edctor Jes\u00fas Sotomayor Gomez<\/h6><\/div><div class=\"rise-blocks-profile-card-description\"><p>Asesoro y genero innovaci\u00f3n para el desarrollo de proyectos en el sector rural.<br><br><br><br><br><br><br><\/p><\/div><div class=\"rise-blocks-social-media\"><a href=\"https:\/\/wa.me\/573012152507\" target=\"_blank\" rel=\"noopener noreferrer\"><i class=\"fa fa-whatsapp\"><\/i><\/a><\/div><\/div><\/div><\/div>\n\n\n\n<div id=\"rise-blocks-wp-block-rise-blocks-profile-card-7-350621c-738-054-6368-d74dc1822c2b\"><div class=\"rise-blocks-profile-card\"><div class=\"rise-blocks-profile-card-image\"><\/div><div class=\"rise-blocks-description-wrapper\"><div class=\"rise-blocks-profile-card-designation\"><span class=\"rise-blocks-designation\">COORDINADORA<\/span><\/div><div class=\"rise-blocks-profile-card-title\"><h6>Daniela esther Camacho Santos<\/h6><\/div><div class=\"rise-blocks-profile-card-description\"><p>Formulo estrategias para el desarrollo del trabajo en territorios \u00e9tnicos con bienestar.<br><br><br><br><br><br><\/p><\/div><div class=\"rise-blocks-social-media\"><a href=\"https:\/\/wa.me\/573013399644\" target=\"_blank\" rel=\"noopener noreferrer\"><i class=\"fa fa-whatsapp\"><\/i><\/a><\/div><\/div><\/div><\/div>\n\n\n\n<div id=\"rise-blocks-wp-block-rise-blocks-profile-card-8-5e4fc4-252-0eb7-7bc7-cf714b3aa024\"><div class=\"rise-blocks-profile-card\"><div class=\"rise-blocks-profile-card-image\"><\/div><div class=\"rise-blocks-description-wrapper\"><div class=\"rise-blocks-profile-card-designation\"><span class=\"rise-blocks-designation\">COORDINADOR SISTEMAS<\/span><\/div><div class=\"rise-blocks-profile-card-title\"><h6>jorge manuel Romero Ara\u00fajo<\/h6><\/div><div class=\"rise-blocks-profile-card-description\"><p>Administro los sistemas de informaci\u00f3n de la asociaci\u00f3n. <br><br><br><br><br><\/p><\/div><div class=\"rise-blocks-social-media\"><a href=\"https:\/\/wa.me\/573046304348\" target=\"_blank\" rel=\"noopener noreferrer\"><i class=\"fa fa-whatsapp\"><\/i><\/a><\/div><\/div><\/div><\/div>\n\n\n\n<div id=\"rise-blocks-wp-block-rise-blocks-profile-card-9-086de-1efe-5e77-dd5b-af6baf6333\"><div class=\"rise-blocks-profile-card\"><div class=\"rise-blocks-profile-card-image\"><\/div><div class=\"rise-blocks-description-wrapper\"><div class=\"rise-blocks-profile-card-designation\"><span class=\"rise-blocks-designation\">PROMOTOR DE DERECHOS<\/span><\/div><div class=\"rise-blocks-profile-card-title\"><h6>Cristian Noriega Orozco<\/h6><\/div><div class=\"rise-blocks-profile-card-description\"><p>Atenci\u00f3n a ni\u00f1os y ni\u00f1as en  reconocimiento de sus derechos.<br><br><br><br><br><br><\/p><\/div><div class=\"rise-blocks-social-media\"><a href=\"https:\/\/wa.me\/573213284581\" target=\"_blank\" rel=\"noopener noreferrer\"><i class=\"fa fa-whatsapp\"><\/i><\/a><\/div><\/div><\/div><\/div>\n<\/div><\/div><\/div>\n\n\n\n<div id=\"rise-blocks-wp-block-rise-blocks-profile-cards-3-2d7324-627-31d-dbd7-ebabf41f5c67\"><div class=\"wp-block-rise-blocks-profile-cards rise-blocks-save rise-blocks-rectangle-layout rise-blocks-shadow-enable rise-blocks-border-enable\"><div class=\"rise-blocks-block-lists\">\n<div id=\"rise-blocks-wp-block-rise-blocks-profile-card-10-eb2e71-f385-f63-222a-b0bbb2cca5a2\"><div class=\"rise-blocks-profile-card\"><div class=\"rise-blocks-profile-card-image\"><\/div><div class=\"rise-blocks-description-wrapper\"><div class=\"rise-blocks-profile-card-designation\"><span class=\"rise-blocks-designation\">aDMINISTRATIVA<\/span><\/div><div class=\"rise-blocks-profile-card-title\"><h6>liz denis vidal Bolivar<\/h6><\/div><div class=\"rise-blocks-profile-card-description\"><p>Coordinaci\u00f3n administrativa, financiera y contable.\u00a0<br><br><br><br><br><br><br><br><\/p><\/div><div class=\"rise-blocks-social-media\"><a href=\"https:\/\/wa.me\/573012152507\" target=\"_blank\" rel=\"noopener noreferrer\"><i class=\"fa fa-whatsapp\"><\/i><\/a><\/div><\/div><\/div><\/div>\n\n\n\n<div id=\"rise-blocks-wp-block-rise-blocks-profile-card-11-b8c336a-45dc-cfdc-6623-af3ecf10421e\"><div class=\"rise-blocks-profile-card\"><div class=\"rise-blocks-profile-card-image\"><\/div><div class=\"rise-blocks-description-wrapper\"><div class=\"rise-blocks-profile-card-designation\"><span class=\"rise-blocks-designation\">COORDINADORA<\/span><\/div><div class=\"rise-blocks-profile-card-title\"><h6>yolecy Yoleny Salcedo arrieta<\/h6><\/div><div class=\"rise-blocks-profile-card-description\"><p>Ejecuto acciones para prestar el servicio de atenci\u00f3n a primera infancia  en la estrategia de cero a siempre.<br><br><br><br><br><br><br><\/p><\/div><div class=\"rise-blocks-social-media\"><a href=\"https:\/\/wa.me\/573013399644\" target=\"_blank\" rel=\"noopener noreferrer\"><i class=\"fa fa-whatsapp\"><\/i><\/a><\/div><\/div><\/div><\/div>\n<\/div><\/div><\/div>\n\n\n\n<p><\/p>\n<\/div><\/div><\/div>\n\n\n\n<p><\/p>\n\n\n\n<div id=\"rise-blocks-section-block-instance-2-56775d-f3ec-8b1f-4465-181dfa3a303\" class=\"wp-block-rise-blocks-section\"><div class=\"rise-blocks-boxed rise-blocks-section-wrapper\"><div class=\"rise-blocks-section-overlay\"><\/div><div class=\"rise-blocks-section-inner\"><\/div><\/div><\/div>\n","protected":false},"excerpt":{"rendered":"","protected":false},"author":1,"featured_media":0,"parent":0,"menu_order":0,"comment_status":"closed","ping_status":"closed","template":"","meta":{"footnotes":""},"class_list":["post-722","page","type-page","status-publish","hentry"],"rise-blocks_excerpt":"","_links":{"self":[{"href":"https:\/\/afrourramba.org\/index.php\/wp-json\/wp\/v2\/pages\/722","targetHints":{"allow":["GET"]}}],"collection":[{"href":"https:\/\/afrourramba.org\/index.php\/wp-json\/wp\/v2\/pages"}],"about":[{"href":"https:\/\/afrourramba.org\/index.php\/wp-json\/wp\/v2\/types\/page"}],"author":[{"embeddable":true,"href":"https:\/\/afrourramba.org\/index.php\/wp-json\/wp\/v2\/users\/1"}],"replies":[{"embeddable":true,"href":"https:\/\/afrourramba.org\/index.php\/wp-json\/wp\/v2\/comments?post=722"}],"version-history":[{"count":71,"href":"https:\/\/afrourramba.org\/index.php\/wp-json\/wp\/v2\/pages\/722\/revisions"}],"predecessor-version":[{"id":927,"href":"https:\/\/afrourramba.org\/index.php\/wp-json\/wp\/v2\/pages\/722\/revisions\/927"}],"wp:attachment":[{"href":"https:\/\/afrourramba.org\/index.php\/wp-json\/wp\/v2\/media?parent=722"}],"curies":[{"name":"wp","href":"https:\/\/api.w.org\/{rel}","templated":true}]}}